{"id":44,"date":"2023-04-01T14:35:46","date_gmt":"2023-04-01T12:35:46","guid":{"rendered":"https:\/\/hotel-les-berges.ch\/?page_id=44"},"modified":"2023-04-13T17:16:14","modified_gmt":"2023-04-13T15:16:14","slug":"salles-de-conference-et-seminaires","status":"publish","type":"page","link":"https:\/\/hotellesberges.ch\/it\/sale-conferenze-e-seminari\/","title":{"rendered":"Salles de conf\u00e9rence et s\u00e9minaires"},"content":{"rendered":"<p>[et_pb_section fb_built=\u00a0\u00bb1&Prime; _builder_version=\u00a0\u00bb4.20.2&Prime; _module_preset=\u00a0\u00bbdefault\u00a0\u00bb background_color=\u00a0\u00bbrgba(34,68,80,0.7)\u00a0\u00bb width=\u00a0\u00bb92%\u00a0\u00bb module_alignment=\u00a0\u00bbcenter\u00a0\u00bb custom_margin=\u00a0\u00bb60px||0px||false|false\u00a0\u00bb custom_padding=\u00a0\u00bb0px||0px||false|false\u00a0\u00bb border_radii=\u00a0\u00bboff|50px|50px||\u00a0\u00bb global_colors_info=\u00a0\u00bb{}\u00a0\u00bb][et_pb_row column_structure=\u00a0\u00bb1_2,1_2&Prime; use_custom_gutter=\u00a0\u00bbon\u00a0\u00bb gutter_width=\u00a0\u00bb1&Prime; make_equal=\u00a0\u00bbon\u00a0\u00bb _builder_version=\u00a0\u00bb4.20.2&Prime; _module_preset=\u00a0\u00bbdefault\u00a0\u00bb z_index=\u00a0\u00bb2&Prime; width=\u00a0\u00bb100%\u00a0\u00bb max_width=\u00a0\u00bb2560px\u00a0\u00bb min_height=\u00a0\u00bb60vh\u00a0\u00bb custom_margin=\u00a0\u00bb-90px||0px||false|false\u00a0\u00bb custom_margin_tablet=\u00a0\u00bb-90px||||false|false\u00a0\u00bb custom_margin_phone=\u00a0\u00bb-30px||||false|false\u00a0\u00bb custom_margin_last_edited=\u00a0\u00bbon|desktop\u00a0\u00bb custom_padding=\u00a0\u00bb0px||0px||false|false\u00a0\u00bb global_colors_info=\u00a0\u00bb{}\u00a0\u00bb][et_pb_column type=\u00a0\u00bb1_2&Prime; _builder_version=\u00a0\u00bb4.20.2&Prime; _module_preset=\u00a0\u00bbdefault\u00a0\u00bb background_color=\u00a0\u00bbRGBA(255,255,255,0)\u00a0\u00bb z_index=\u00a0\u00bb10&Prime; custom_padding=\u00a0\u00bb||60px|200px|false|false\u00a0\u00bb custom_padding_tablet=\u00a0\u00bb|50px||50px|false|true\u00a0\u00bb custom_padding_phone=\u00a0\u00bb|30px||30px|false|true\u00a0\u00bb custom_padding_last_edited=\u00a0\u00bbon|tablet\u00a0\u00bb global_colors_info=\u00a0\u00bb{}\u00a0\u00bb][et_pb_text _builder_version=\u00a0\u00bb4.20.2&Prime; _module_preset=\u00a0\u00bbdefault\u00a0\u00bb header_text_align=\u00a0\u00bbleft\u00a0\u00bb header_text_color=\u00a0\u00bb#FFFFFF\u00a0\u00bb header_font_size=\u00a0\u00bb55px\u00a0\u00bb transform_scale_tablet=\u00a0\u00bb\u00a0\u00bb transform_scale_phone=\u00a0\u00bb\u00a0\u00bb transform_scale_last_edited=\u00a0\u00bbon|phone\u00a0\u00bb transform_translate=\u00a0\u00bb107px|118px\u00a0\u00bb transform_translate_tablet=\u00a0\u00bb0px|103px\u00a0\u00bb transform_translate_phone=\u00a0\u00bb0px|0px\u00a0\u00bb transform_translate_last_edited=\u00a0\u00bbon|phone\u00a0\u00bb transform_translate_linked=\u00a0\u00bboff\u00a0\u00bb transform_rotate=\u00a0\u00bb0deg|0deg|270deg\u00a0\u00bb transform_rotate_tablet=\u00a0\u00bb0deg|0deg|0deg\u00a0\u00bb transform_rotate_phone=\u00a0\u00bb0deg|0deg|0deg\u00a0\u00bb transform_rotate_last_edited=\u00a0\u00bbon|desktop\u00a0\u00bb transform_skew_tablet=\u00a0\u00bb\u00a0\u00bb transform_skew_phone=\u00a0\u00bb\u00a0\u00bb transform_skew_last_edited=\u00a0\u00bbon|desktop\u00a0\u00bb transform_origin_tablet=\u00a0\u00bb\u00a0\u00bb transform_origin_phone=\u00a0\u00bb\u00a0\u00bb transform_origin_last_edited=\u00a0\u00bbon|desktop\u00a0\u00bb transform_styles_last_edited=\u00a0\u00bbon|phone\u00a0\u00bb text_orientation=\u00a0\u00bbright\u00a0\u00bb width=\u00a0\u00bb100%\u00a0\u00bb width_tablet=\u00a0\u00bb100%\u00a0\u00bb width_phone=\u00a0\u00bb100%\u00a0\u00bb width_last_edited=\u00a0\u00bbon|phone\u00a0\u00bb module_alignment=\u00a0\u00bbleft\u00a0\u00bb custom_margin=\u00a0\u00bb||0px||false|false\u00a0\u00bb custom_margin_tablet=\u00a0\u00bb||0px||false|false\u00a0\u00bb custom_margin_phone=\u00a0\u00bb|||0px|false|false\u00a0\u00bb custom_margin_last_edited=\u00a0\u00bbon|phone\u00a0\u00bb custom_padding=\u00a0\u00bb||0px||false|false\u00a0\u00bb transform_styles_tablet=\u00a0\u00bb\u00a0\u00bb transform_styles_phone=\u00a0\u00bb\u00a0\u00bb global_colors_info=\u00a0\u00bb{}\u00a0\u00bb]<\/p>\n<h1>SALLES \u00c9QUIP\u00c9ES<\/h1>\n<p>[\/et_pb_text][et_pb_image src=\u00a0\u00bbhttps:\/\/hotel-les-berges.ch\/wp-content\/uploads\/2023\/04\/Hotel-les-Berges-007-1.jpg\u00a0\u00bb title_text=\u00a0\u00bbHotel-les-Berges-007&Prime; show_bottom_space=\u00a0\u00bboff\u00a0\u00bb disabled_on=\u00a0\u00bbon|on|off\u00a0\u00bb _builder_version=\u00a0\u00bb4.20.2&Prime; _module_preset=\u00a0\u00bbdefault\u00a0\u00bb width=\u00a0\u00bb50%\u00a0\u00bb custom_margin=\u00a0\u00bb||-260px||false|false\u00a0\u00bb custom_padding=\u00a0\u00bb||0px||false|false\u00a0\u00bb global_colors_info=\u00a0\u00bb{}\u00a0\u00bb][\/et_pb_image][et_pb_text _builder_version=\u00a0\u00bb4.20.4&Prime; _module_preset=\u00a0\u00bbdefault\u00a0\u00bb text_text_color=\u00a0\u00bb#FFFFFF\u00a0\u00bb text_font_size=\u00a0\u00bb27px\u00a0\u00bb text_line_height=\u00a0\u00bb1.3em\u00a0\u00bb background_color=\u00a0\u00bb#224450&Prime; transform_scale_tablet=\u00a0\u00bb\u00a0\u00bb transform_scale_phone=\u00a0\u00bb\u00a0\u00bb transform_scale_last_edited=\u00a0\u00bbon|tablet\u00a0\u00bb transform_translate=\u00a0\u00bb37vw|-30vh\u00a0\u00bb transform_translate_tablet=\u00a0\u00bb43px|0px\u00a0\u00bb transform_translate_phone=\u00a0\u00bb0px|0px\u00a0\u00bb transform_translate_last_edited=\u00a0\u00bbon|tablet\u00a0\u00bb transform_translate_linked=\u00a0\u00bboff\u00a0\u00bb transform_rotate_tablet=\u00a0\u00bb\u00a0\u00bb transform_rotate_phone=\u00a0\u00bb\u00a0\u00bb transform_rotate_last_edited=\u00a0\u00bbon|tablet\u00a0\u00bb transform_skew_tablet=\u00a0\u00bb\u00a0\u00bb transform_skew_phone=\u00a0\u00bb\u00a0\u00bb transform_skew_last_edited=\u00a0\u00bbon|tablet\u00a0\u00bb transform_origin_tablet=\u00a0\u00bb\u00a0\u00bb transform_origin_phone=\u00a0\u00bb\u00a0\u00bb transform_origin_last_edited=\u00a0\u00bbon|tablet\u00a0\u00bb transform_styles_last_edited=\u00a0\u00bbon|tablet\u00a0\u00bb z_index=\u00a0\u00bb10&Prime; text_orientation=\u00a0\u00bbjustified\u00a0\u00bb width_tablet=\u00a0\u00bb100%\u00a0\u00bb width_phone=\u00a0\u00bb100%\u00a0\u00bb width_last_edited=\u00a0\u00bbon|phone\u00a0\u00bb custom_margin=\u00a0\u00bb25vh||-30vh||false|false\u00a0\u00bb custom_margin_tablet=\u00a0\u00bb0px||0px||true|false\u00a0\u00bb custom_margin_phone=\u00a0\u00bb40px|||0px|false|false\u00a0\u00bb custom_margin_last_edited=\u00a0\u00bbon|tablet\u00a0\u00bb custom_padding=\u00a0\u00bb3vw|3vw|3vw|3vw|true|true\u00a0\u00bb custom_padding_tablet=\u00a0\u00bb30px|20px|30px|20px|true|true\u00a0\u00bb custom_padding_phone=\u00a0\u00bb|20px||20px|true|true\u00a0\u00bb custom_padding_last_edited=\u00a0\u00bbon|phone\u00a0\u00bb hover_enabled=\u00a0\u00bb0&Prime; text_font_size_tablet=\u00a0\u00bb27px\u00a0\u00bb text_font_size_phone=\u00a0\u00bb20px\u00a0\u00bb text_font_size_last_edited=\u00a0\u00bbon|phone\u00a0\u00bb transform_styles_tablet=\u00a0\u00bb\u00a0\u00bb transform_styles_phone=\u00a0\u00bb\u00a0\u00bb border_width_all=\u00a0\u00bb1px\u00a0\u00bb border_color_all=\u00a0\u00bb#B1BF60&Prime; global_colors_info=\u00a0\u00bb{}\u00a0\u00bb sticky_enabled=\u00a0\u00bb0&Prime;]<\/p>\n<p>Nous vous proposons nos espaces de r\u00e9union modernes et enti\u00e8rement \u00e9quip\u00e9s pour tous vos \u00e9v\u00e9nements professionnels de 4 \u00e0 60 personnes.<\/p>\n<p>[\/et_pb_text][\/et_pb_column][et_pb_column type=\u00a0\u00bb1_2&Prime; _builder_version=\u00a0\u00bb4.20.2&Prime; _module_preset=\u00a0\u00bbdefault\u00a0\u00bb background_image=\u00a0\u00bbhttps:\/\/hotel-les-berges.ch\/wp-content\/uploads\/2023\/04\/rnskphkdbtk.jpg\u00a0\u00bb z_index=\u00a0\u00bb5&Prime; custom_padding=\u00a0\u00bb||||false|false\u00a0\u00bb global_colors_info=\u00a0\u00bb{}\u00a0\u00bb][et_pb_divider show_divider=\u00a0\u00bboff\u00a0\u00bb _builder_version=\u00a0\u00bb4.20.2&Prime; _module_preset=\u00a0\u00bbdefault\u00a0\u00bb z_index=\u00a0\u00bb5&Prime; min_height=\u00a0\u00bb25vh\u00a0\u00bb global_colors_info=\u00a0\u00bb{}\u00a0\u00bb][\/et_pb_divider][\/et_pb_column][\/et_pb_row][\/et_pb_section][et_pb_section fb_built=\u00a0\u00bb1&Prime; _builder_version=\u00a0\u00bb4.20.2&Prime; _module_preset=\u00a0\u00bbdefault\u00a0\u00bb background_color=\u00a0\u00bb#efefef\u00a0\u00bb width=\u00a0\u00bb92%\u00a0\u00bb module_alignment=\u00a0\u00bbcenter\u00a0\u00bb custom_margin=\u00a0\u00bb0px||0px||false|false\u00a0\u00bb custom_padding=\u00a0\u00bb0px||0px||false|false\u00a0\u00bb global_colors_info=\u00a0\u00bb{}\u00a0\u00bb][et_pb_row _builder_version=\u00a0\u00bb4.20.2&Prime; _module_preset=\u00a0\u00bbdefault\u00a0\u00bb custom_padding=\u00a0\u00bb||0px||false|false\u00a0\u00bb locked=\u00a0\u00bboff\u00a0\u00bb global_colors_info=\u00a0\u00bb{}\u00a0\u00bb][et_pb_column type=\u00a0\u00bb4_4&Prime; _builder_version=\u00a0\u00bb4.20.2&Prime; _module_preset=\u00a0\u00bbdefault\u00a0\u00bb global_colors_info=\u00a0\u00bb{}\u00a0\u00bb][et_pb_icon font_icon=\u00a0\u00bb&#xf500;||fa||900&Prime; icon_color=\u00a0\u00bb#B1BF60&Prime; icon_width=\u00a0\u00bb50px\u00a0\u00bb _builder_version=\u00a0\u00bb4.20.2&Prime; _module_preset=\u00a0\u00bbdefault\u00a0\u00bb custom_padding=\u00a0\u00bb||0px||false|false\u00a0\u00bb global_colors_info=\u00a0\u00bb{}\u00a0\u00bb][\/et_pb_icon][et_pb_text _builder_version=\u00a0\u00bb4.20.2&Prime; _module_preset=\u00a0\u00bbdefault\u00a0\u00bb header_2_text_align=\u00a0\u00bbcenter\u00a0\u00bb header_2_text_color=\u00a0\u00bb#000000&Prime; global_colors_info=\u00a0\u00bb{}\u00a0\u00bb]<\/p>\n<h2>Bienvenue sur notre page de location de salles de conf\u00e9rences<\/h2>\n<p>[\/et_pb_text][\/et_pb_column][\/et_pb_row][et_pb_row column_structure=\u00a0\u00bb1_4,1_2,1_4&Prime; _builder_version=\u00a0\u00bb4.20.2&Prime; _module_preset=\u00a0\u00bbdefault\u00a0\u00bb custom_padding=\u00a0\u00bb||50px||false|false\u00a0\u00bb locked=\u00a0\u00bboff\u00a0\u00bb global_colors_info=\u00a0\u00bb{}\u00a0\u00bb][et_pb_column type=\u00a0\u00bb1_4&Prime; _builder_version=\u00a0\u00bb4.20.2&Prime; _module_preset=\u00a0\u00bbdefault\u00a0\u00bb global_colors_info=\u00a0\u00bb{}\u00a0\u00bb][et_pb_text _builder_version=\u00a0\u00bb4.20.4&Prime; _module_preset=\u00a0\u00bbdefault\u00a0\u00bb text_text_color=\u00a0\u00bb#000000&Prime; text_orientation=\u00a0\u00bbjustified\u00a0\u00bb hover_enabled=\u00a0\u00bb0&Prime; global_colors_info=\u00a0\u00bb{}\u00a0\u00bb sticky_enabled=\u00a0\u00bb0&Prime;]<\/p>\n<p>Nos salles de conf\u00e9rences peuvent accueillir de petits groupes \u00e0 de grandes r\u00e9unions, offrant une vari\u00e9t\u00e9 de configurations pour r\u00e9pondre \u00e0 vos besoins.<\/p>\n<p>Nous sommes fiers d&rsquo;offrir des installations modernes, y compris des \u00e9quipements audiovisuels de pointe, des connexions Wi-Fi haut d\u00e9bit et un service de restauration pour rendre votre \u00e9v\u00e9nement confortable et productif.<\/p>\n<p>Nous sommes situ\u00e9s dans un emplacement pratique proche de la sortie d&rsquo;autoroute A9 Sierre ouest avec un acc\u00e8s facile aux transports en commun et aux parkings \u00e0 proximit\u00e9.<\/p>\n<p>Nous sommes convaincus que nos salles de conf\u00e9rences sont la solution id\u00e9ale pour votre prochaine r\u00e9union professionnelle. Pour r\u00e9server l&rsquo;une de nos salles ou pour obtenir plus d&rsquo;informations, veuillez nous contacter directement ou remplir le formulaire de demande de r\u00e9servation sur notre site.<\/p>\n<p>[\/et_pb_text][\/et_pb_column][et_pb_column type=\u00a0\u00bb1_2&Prime; _builder_version=\u00a0\u00bb4.20.2&Prime; _module_preset=\u00a0\u00bbdefault\u00a0\u00bb global_colors_info=\u00a0\u00bb{}\u00a0\u00bb][et_pb_image src=\u00a0\u00bbhttps:\/\/hotel-les-berges.ch\/wp-content\/uploads\/2023\/04\/ulh0i2txbcy.jpg\u00a0\u00bb alt=\u00a0\u00bblong table with Eiffel chair inside room\u00a0\u00bb title_text=\u00a0\u00bbPhoto by Pawel Chu\u00a0\u00bb _builder_version=\u00a0\u00bb4.20.2&Prime; _module_preset=\u00a0\u00bbdefault\u00a0\u00bb global_colors_info=\u00a0\u00bb{}\u00a0\u00bb][\/et_pb_image][et_pb_text _builder_version=\u00a0\u00bb4.20.2&Prime; _module_preset=\u00a0\u00bbdefault\u00a0\u00bb text_font=\u00a0\u00bb||on||||||\u00a0\u00bb text_font_size=\u00a0\u00bb12px\u00a0\u00bb text_line_height=\u00a0\u00bb1.4em\u00a0\u00bb text_orientation=\u00a0\u00bbjustified\u00a0\u00bb global_colors_info=\u00a0\u00bb{}\u00a0\u00bb]<\/p>\n<p>Nous vous proposons une vari\u00e9t\u00e9 de salles de r\u00e9union et de conf\u00e9rences, avec des \u00e9quipements tels que des projecteurs, des \u00e9crans de projection, des connexions Wi-Fi, des services de restauration, etc. Vous pouvez \u00e9galement trouver des offres sp\u00e9ciales et des remises pour les r\u00e9servations \u00e0 long terme.<\/p>\n<p>[\/et_pb_text][\/et_pb_column][et_pb_column type=\u00a0\u00bb1_4&Prime; _builder_version=\u00a0\u00bb4.20.2&Prime; _module_preset=\u00a0\u00bbdefault\u00a0\u00bb global_colors_info=\u00a0\u00bb{}\u00a0\u00bb][et_pb_image src=\u00a0\u00bbhttps:\/\/hotel-les-berges.ch\/wp-content\/uploads\/2023\/04\/zcei0ftblcm.jpg\u00a0\u00bb alt=\u00a0\u00bbblack flat screen tv mounted on white wall\u00a0\u00bb title_text=\u00a0\u00bbPhoto by Adrien Olichon\u00a0\u00bb _builder_version=\u00a0\u00bb4.20.2&Prime; _module_preset=\u00a0\u00bbdefault\u00a0\u00bb custom_margin=\u00a0\u00bb-50px||||false|false\u00a0\u00bb custom_margin_tablet=\u00a0\u00bb0px||||false|false\u00a0\u00bb custom_margin_phone=\u00a0\u00bb0px||||false|false\u00a0\u00bb custom_margin_last_edited=\u00a0\u00bbon|tablet\u00a0\u00bb global_colors_info=\u00a0\u00bb{}\u00a0\u00bb][\/et_pb_image][et_pb_text _builder_version=\u00a0\u00bb4.20.2&Prime; _module_preset=\u00a0\u00bbdefault\u00a0\u00bb text_text_color=\u00a0\u00bb#000000&Prime; text_orientation=\u00a0\u00bbjustified\u00a0\u00bb global_colors_info=\u00a0\u00bb{}\u00a0\u00bb]<\/p>\n<p>Nous sommes impatients de travailler avec vous pour faire de votre prochain \u00e9v\u00e9nement professionnel un succ\u00e8s.<\/p>\n<p>Un \u00e9crin de s\u00e9r\u00e9nit\u00e9, de convivialit\u00e9 et de cr\u00e9ativit\u00e9 pour travailler autrement et plus efficacement.<\/p>\n<p>[\/et_pb_text][\/et_pb_column][\/et_pb_row][et_pb_row column_structure=\u00a0\u00bb1_3,1_3,1_3&Prime; use_custom_gutter=\u00a0\u00bbon\u00a0\u00bb make_equal=\u00a0\u00bbon\u00a0\u00bb _builder_version=\u00a0\u00bb4.20.2&Prime; _module_preset=\u00a0\u00bbdefault\u00a0\u00bb width=\u00a0\u00bb60%\u00a0\u00bb width_tablet=\u00a0\u00bb60%\u00a0\u00bb width_phone=\u00a0\u00bb60%\u00a0\u00bb width_last_edited=\u00a0\u00bbon|tablet\u00a0\u00bb global_colors_info=\u00a0\u00bb{}\u00a0\u00bb][et_pb_column type=\u00a0\u00bb1_3&Prime; _builder_version=\u00a0\u00bb4.20.2&Prime; _module_preset=\u00a0\u00bbdefault\u00a0\u00bb background_image=\u00a0\u00bbhttps:\/\/hotel-les-berges.ch\/wp-content\/uploads\/2023\/04\/pz69ky0uquq.jpg\u00a0\u00bb global_colors_info=\u00a0\u00bb{}\u00a0\u00bb][et_pb_divider show_divider=\u00a0\u00bboff\u00a0\u00bb _builder_version=\u00a0\u00bb4.20.2&Prime; _module_preset=\u00a0\u00bbdefault\u00a0\u00bb min_height=\u00a0\u00bb25vh\u00a0\u00bb global_colors_info=\u00a0\u00bb{}\u00a0\u00bb][\/et_pb_divider][\/et_pb_column][et_pb_column type=\u00a0\u00bb1_3&Prime; _builder_version=\u00a0\u00bb4.20.2&Prime; _module_preset=\u00a0\u00bbdefault\u00a0\u00bb background_image=\u00a0\u00bbhttps:\/\/hotel-les-berges.ch\/wp-content\/uploads\/2023\/04\/rnskphkdbtk.jpg\u00a0\u00bb global_colors_info=\u00a0\u00bb{}\u00a0\u00bb][et_pb_divider show_divider=\u00a0\u00bboff\u00a0\u00bb _builder_version=\u00a0\u00bb4.20.2&Prime; _module_preset=\u00a0\u00bbdefault\u00a0\u00bb min_height=\u00a0\u00bb25vh\u00a0\u00bb global_colors_info=\u00a0\u00bb{}\u00a0\u00bb][\/et_pb_divider][\/et_pb_column][et_pb_column type=\u00a0\u00bb1_3&Prime; _builder_version=\u00a0\u00bb4.20.2&Prime; _module_preset=\u00a0\u00bbdefault\u00a0\u00bb background_image=\u00a0\u00bbhttps:\/\/hotel-les-berges.ch\/wp-content\/uploads\/2023\/04\/zcei0ftblcm.jpg\u00a0\u00bb global_colors_info=\u00a0\u00bb{}\u00a0\u00bb][et_pb_divider show_divider=\u00a0\u00bboff\u00a0\u00bb _builder_version=\u00a0\u00bb4.20.2&Prime; _module_preset=\u00a0\u00bbdefault\u00a0\u00bb min_height=\u00a0\u00bb25vh\u00a0\u00bb global_colors_info=\u00a0\u00bb{}\u00a0\u00bb][\/et_pb_divider][\/et_pb_column][\/et_pb_row][\/et_pb_section][et_pb_section fb_built=\u00a0\u00bb1&Prime; _builder_version=\u00a0\u00bb4.20.2&Prime; _module_preset=\u00a0\u00bbdefault\u00a0\u00bb background_color=\u00a0\u00bbrgba(34,68,80,0.7)\u00a0\u00bb width=\u00a0\u00bb92%\u00a0\u00bb module_alignment=\u00a0\u00bbcenter\u00a0\u00bb locked=\u00a0\u00bboff\u00a0\u00bb global_colors_info=\u00a0\u00bb{}\u00a0\u00bb][et_pb_row _builder_version=\u00a0\u00bb4.20.2&Prime; _module_preset=\u00a0\u00bbdefault\u00a0\u00bb global_colors_info=\u00a0\u00bb{}\u00a0\u00bb][et_pb_column type=\u00a0\u00bb4_4&Prime; _builder_version=\u00a0\u00bb4.20.2&Prime; _module_preset=\u00a0\u00bbdefault\u00a0\u00bb global_colors_info=\u00a0\u00bb{}\u00a0\u00bb][et_pb_text _builder_version=\u00a0\u00bb4.20.4&Prime; _module_preset=\u00a0\u00bbdefault\u00a0\u00bb header_2_font=\u00a0\u00bb|600|||||||\u00a0\u00bb header_2_text_align=\u00a0\u00bbcenter\u00a0\u00bb header_2_text_color=\u00a0\u00bb#FFFFFF\u00a0\u00bb hover_enabled=\u00a0\u00bb0&Prime; global_colors_info=\u00a0\u00bb{}\u00a0\u00bb sticky_enabled=\u00a0\u00bb0&Prime;]<\/p>\n<h2>Des salles qui s&rsquo;adaptent \u00e0 vos besoins<br \/>(de 4 \u00e0 60 personnes)<\/h2>\n<p>[\/et_pb_text][\/et_pb_column][\/et_pb_row][et_pb_row _builder_version=\u00a0\u00bb4.20.2&Prime; _module_preset=\u00a0\u00bbdefault\u00a0\u00bb width=\u00a0\u00bb60%\u00a0\u00bb width_tablet=\u00a0\u00bb80%\u00a0\u00bb width_phone=\u00a0\u00bb80%\u00a0\u00bb width_last_edited=\u00a0\u00bbon|phone\u00a0\u00bb global_colors_info=\u00a0\u00bb{}\u00a0\u00bb][et_pb_column type=\u00a0\u00bb4_4&Prime; _builder_version=\u00a0\u00bb4.20.2&Prime; _module_preset=\u00a0\u00bbdefault\u00a0\u00bb global_colors_info=\u00a0\u00bb{}\u00a0\u00bb][et_pb_code _builder_version=\u00a0\u00bb4.20.2&Prime; _module_preset=\u00a0\u00bbdefault\u00a0\u00bb text_orientation=\u00a0\u00bbcenter\u00a0\u00bb global_colors_info=\u00a0\u00bb{}\u00a0\u00bb]<style type=\"text\/css\" scoped>.rbs_gallery_69f0f59478f48Spinner{\r\n\t\t\t\tmargin: 50px auto;\r\n\t\t\t\twidth: 50px;\r\n\t\t\t\theight: 40px;\r\n\t\t\t\ttext-align: center;\r\n\t\t\t\tfont-size: 10px;\r\n\t\t\t}\r\n\t\t\t.rbs_gallery_69f0f59478f48Spinner > div{\r\n\t\t\t  background-color: #333;\r\n\t\t\t  height: 100%;\r\n\t\t\t  width: 6px;\r\n\t\t\t  display: inline-block;\r\n\t\t\t  -webkit-animation: rbs_gallery_69f0f59478f48-stretchdelay 1.2s infinite ease-in-out;\r\n\t\t\t  animation: rbs_gallery_69f0f59478f48-stretchdelay 1.2s infinite ease-in-out;\r\n\t\t\t}\r\n\t\t\t.rbs_gallery_69f0f59478f48Spinner .rbs_gallery_69f0f59478f48Rect2 {\r\n\t\t\t  -webkit-animation-delay: -1.1s;\r\n\t\t\t  animation-delay: -1.1s;\r\n\t\t\t}\r\n\t\t\t.rbs_gallery_69f0f59478f48Spinner .rbs_gallery_69f0f59478f48Rect3 {\r\n\t\t\t  -webkit-animation-delay: -1.0s;\r\n\t\t\t  animation-delay: -1.0s;\r\n\t\t\t}\r\n\t\t\t.rbs_gallery_69f0f59478f48Spinner .rbs_gallery_69f0f59478f48Rect4 {\r\n\t\t\t  -webkit-animation-delay: -0.9s;\r\n\t\t\t  animation-delay: -0.9s;\r\n\t\t\t}\r\n\t\t\t.rbs_gallery_69f0f59478f48Spinner .rbs_gallery_69f0f59478f48Rect5 {\r\n\t\t\t  -webkit-animation-delay: -0.8s;\r\n\t\t\t  animation-delay: -0.8s;\r\n\t\t\t}\r\n\t\t\t@-webkit-keyframes rbs_gallery_69f0f59478f48-stretchdelay {\r\n\t\t\t  0%, 40%, 100% { -webkit-transform: scaleY(0.4) }  \r\n\t\t\t  20% { -webkit-transform: scaleY(1.0) }\r\n\t\t\t}\r\n\t\t\t@keyframes rbs_gallery_69f0f59478f48-stretchdelay {\r\n\t\t\t  0%, 40%, 100% { \r\n\t\t\t    transform: scaleY(0.4);\r\n\t\t\t    -webkit-transform: scaleY(0.4);\r\n\t\t\t  }  20% { \r\n\t\t\t    transform: scaleY(1.0);\r\n\t\t\t    -webkit-transform: scaleY(1.0);\r\n\t\t\t  }\r\n\t\t\t}\r\n\t\t<\/style><div class=\"robo-gallery-wrap robo-gallery-wrap-id162 robo-gallery-masonry\" ><div id=\"rbs_gallery_69f0f59478f48-block-loader\" class=\"rbs_gallery_69f0f59478f48Spinner\"><div class=\"rbs_gallery_69f0f59478f48Rect1\"><\/div> <div class=\"rbs_gallery_69f0f59478f48Rect2\"><\/div> <div class=\"rbs_gallery_69f0f59478f48Rect3\"><\/div> <div class=\"rbs_gallery_69f0f59478f48Rect4\"><\/div> <div class=\"rbs_gallery_69f0f59478f48Rect5\"><\/div><\/div><div id=\"robo_gallery_main_block_rbs_gallery_69f0f59478f48\" class=\"robogallery-gallery-162\" style=\"width:100%;margin:0 auto;  display: none;\"><div id=\"rbs_gallery_69f0f59478f48\" data-options=\"rbs_gallery_69f0f59478f48\" style=\"width:100%;\" class=\"robo_gallery  \"><div class=\"rbs-img  category162 \" ><div class=\"rbs-img-image   rbs-lightbox \" ><div class=\"rbs-img-thumbs\"  data-thumbnail=\"https:\/\/hotellesberges.ch\/wp-content\/uploads\/2023\/04\/zcei0ftblcm-600x1024.jpg\"  title=\"Photo by Adrien Olichon\"  data-width=\"600\"  data-height=\"1024\" ><\/div><div class=\"rbs-img-data-popup\"  data-popup=\"https:\/\/hotellesberges.ch\/wp-content\/uploads\/2023\/04\/zcei0ftblcm.jpg\"  title=\"Photo by Adrien Olichon\"  data-alt=\"black flat screen tv mounted on white wall\" ><\/div><div class=\"thumbnail-overlay\"><div class=\"rbsIcons\"><i class=\"fa fa-plus rbsZoomIcon \" ><\/i><\/div><\/div><\/div><\/div><div class=\"rbs-img  category162 \" ><div class=\"rbs-img-image   rbs-lightbox \" ><div class=\"rbs-img-thumbs\"  data-thumbnail=\"https:\/\/hotellesberges.ch\/wp-content\/uploads\/2023\/04\/Hotel-les-Berges-Bar-2-600x576.jpg\"  title=\"Hotel-les-Berges-Bar (2)\"  data-width=\"600\"  data-height=\"576\" ><\/div><div class=\"rbs-img-data-popup\"  data-popup=\"https:\/\/hotellesberges.ch\/wp-content\/uploads\/2023\/04\/Hotel-les-Berges-Bar-2.jpg\"  title=\"Hotel-les-Berges-Bar (2)\" ><\/div><div class=\"thumbnail-overlay\"><div class=\"rbsIcons\"><i class=\"fa fa-plus rbsZoomIcon \" ><\/i><\/div><\/div><\/div><\/div><div class=\"rbs-img  category162 \" ><div class=\"rbs-img-image   rbs-lightbox \" ><div class=\"rbs-img-thumbs\"  data-thumbnail=\"https:\/\/hotellesberges.ch\/wp-content\/uploads\/2023\/04\/ulh0i2txbcy-600x1024.jpg\"  title=\"Photo by Pawel Chu\"  data-width=\"600\"  data-height=\"1024\" ><\/div><div class=\"rbs-img-data-popup\"  data-popup=\"https:\/\/hotellesberges.ch\/wp-content\/uploads\/2023\/04\/ulh0i2txbcy.jpg\"  title=\"Photo by Pawel Chu\"  data-alt=\"long table with Eiffel chair inside room\" ><\/div><div class=\"thumbnail-overlay\"><div class=\"rbsIcons\"><i class=\"fa fa-plus rbsZoomIcon \" ><\/i><\/div><\/div><\/div><\/div><div class=\"rbs-img  category162 \" ><div class=\"rbs-img-image   rbs-lightbox \" ><div class=\"rbs-img-thumbs\"  data-thumbnail=\"https:\/\/hotellesberges.ch\/wp-content\/uploads\/2023\/04\/pz69ky0uquq.jpg\"  title=\"Photo by Elena Baidak\"  data-width=\"1200\"  data-height=\"1200\" ><\/div><div class=\"rbs-img-data-popup\"  data-popup=\"https:\/\/hotellesberges.ch\/wp-content\/uploads\/2023\/04\/pz69ky0uquq.jpg\"  title=\"Photo by Elena Baidak\"  data-alt=\"white wooden table with chairs\" ><\/div><div class=\"thumbnail-overlay\"><div class=\"rbsIcons\"><i class=\"fa fa-plus rbsZoomIcon \" ><\/i><\/div><\/div><\/div><\/div><div class=\"rbs-img  category162 \" ><div class=\"rbs-img-image   rbs-lightbox \" ><div class=\"rbs-img-thumbs\"  data-thumbnail=\"https:\/\/hotellesberges.ch\/wp-content\/uploads\/2023\/04\/Hotel-les-Berges-Bar-1.jpg\"  title=\"Hotel-les-Berges-Bar (1)\"  data-width=\"1024\"  data-height=\"576\" ><\/div><div class=\"rbs-img-data-popup\"  data-popup=\"https:\/\/hotellesberges.ch\/wp-content\/uploads\/2023\/04\/Hotel-les-Berges-Bar-1.jpg\"  title=\"Hotel-les-Berges-Bar (1)\" ><\/div><div class=\"thumbnail-overlay\"><div class=\"rbsIcons\"><i class=\"fa fa-plus rbsZoomIcon \" ><\/i><\/div><\/div><\/div><\/div><div class=\"rbs-img  category162 \" ><div class=\"rbs-img-image   rbs-lightbox \" ><div class=\"rbs-img-thumbs\"  data-thumbnail=\"https:\/\/hotellesberges.ch\/wp-content\/uploads\/2023\/04\/rnskphkdbtk-600x900.jpg\"  title=\"Photo by Michael Fousert\"  data-width=\"600\"  data-height=\"900\" ><\/div><div class=\"rbs-img-data-popup\"  data-popup=\"https:\/\/hotellesberges.ch\/wp-content\/uploads\/2023\/04\/rnskphkdbtk.jpg\"  title=\"Photo by Michael Fousert\"  data-alt=\"black and white exercise equipment\" ><\/div><div class=\"thumbnail-overlay\"><div class=\"rbsIcons\"><i class=\"fa fa-plus rbsZoomIcon \" ><\/i><\/div><\/div><\/div><\/div><div class=\"rbs-img  category162 \" ><div class=\"rbs-img-image   rbs-lightbox \" ><div class=\"rbs-img-thumbs\"  data-thumbnail=\"https:\/\/hotellesberges.ch\/wp-content\/uploads\/2023\/04\/Hotel-les-Berges-Bar-3-600x576.jpg\"  title=\"Hotel-les-Berges-Bar (3)\"  data-width=\"600\"  data-height=\"576\" ><\/div><div class=\"rbs-img-data-popup\"  data-popup=\"https:\/\/hotellesberges.ch\/wp-content\/uploads\/2023\/04\/Hotel-les-Berges-Bar-3.jpg\"  title=\"Hotel-les-Berges-Bar (3)\" ><\/div><div class=\"thumbnail-overlay\"><div class=\"rbsIcons\"><i class=\"fa fa-plus rbsZoomIcon \" ><\/i><\/div><\/div><\/div><\/div><\/div><\/div><\/div><script>var rbs_gallery_69f0f59478f48 = {\"version\":\"5.1.4\",\"id\":162,\"class\":\"id162\",\"roboGalleryDelay\":1000,\"mainContainer\":\"#robo_gallery_main_block_rbs_gallery_69f0f59478f48\",\"loadingContainer\":\"#rbs_gallery_69f0f59478f48-block-loader\",\"loadingContainerObj\":\"rbs_gallery_69f0f59478f48-block-loader\",\"columnWidth\":\"auto\",\"columns\":3,\"resolutions\":[{\"columnWidth\":\"auto\",\"columns\":3,\"maxWidth\":960},{\"columnWidth\":\"auto\",\"columns\":2,\"maxWidth\":650},{\"columnWidth\":\"auto\",\"columns\":1,\"maxWidth\":450}],\"hideTitle\":true,\"lightboxOptions\":{\"gallery\":{\"enabled\":true,\"tCounter\":\"%curr% of %total%\"}},\"overlayEffect\":\"direction-aware-fade\",\"boxesToLoadStart\":9,\"boxesToLoad\":9,\"waitUntilThumbLoads\":1,\"LoadingWord\":\"chargement en cours...\",\"loadMoreWord\":\"En afficher plus\",\"noMoreEntriesWord\":\"pas d'autres images\",\"horizontalSpaceBetweenBoxes\":15,\"verticalSpaceBetweenBoxes\":15,\"lazyLoad\":0,\"wrapContainer\":\"#robo-gallery-wrap-rbs_gallery_69f0f59478f48\"};<\/script>[\/et_pb_code][\/et_pb_column][\/et_pb_row][\/et_pb_section][et_pb_section fb_built=\u00a0\u00bb1&Prime; _builder_version=\u00a0\u00bb4.20.2&Prime; _module_preset=\u00a0\u00bbdefault\u00a0\u00bb background_image=\u00a0\u00bbhttps:\/\/hotel-les-berges.ch\/wp-content\/uploads\/2023\/04\/pz69ky0uquq.jpg\u00a0\u00bb width=\u00a0\u00bb92%\u00a0\u00bb module_alignment=\u00a0\u00bbcenter\u00a0\u00bb locked=\u00a0\u00bboff\u00a0\u00bb global_colors_info=\u00a0\u00bb{}\u00a0\u00bb][et_pb_row _builder_version=\u00a0\u00bb4.20.2&Prime; _module_preset=\u00a0\u00bbdefault\u00a0\u00bb global_colors_info=\u00a0\u00bb{}\u00a0\u00bb][et_pb_column type=\u00a0\u00bb4_4&Prime; _builder_version=\u00a0\u00bb4.20.2&Prime; _module_preset=\u00a0\u00bbdefault\u00a0\u00bb global_colors_info=\u00a0\u00bb{}\u00a0\u00bb][et_pb_divider show_divider=\u00a0\u00bboff\u00a0\u00bb _builder_version=\u00a0\u00bb4.20.2&Prime; _module_preset=\u00a0\u00bbdefault\u00a0\u00bb min_height=\u00a0\u00bb20vh\u00a0\u00bb global_colors_info=\u00a0\u00bb{}\u00a0\u00bb][\/et_pb_divider][\/et_pb_column][\/et_pb_row][\/et_pb_section]<\/p>\n","protected":false},"excerpt":{"rendered":"<p>SALLES \u00c9QUIP\u00c9ESNous vous proposons nos espaces de r\u00e9union modernes et enti\u00e8rement \u00e9quip\u00e9s pour tous vos \u00e9v\u00e9nements professionnels de 4 \u00e0 60 personnes.Bienvenue sur notre page de location de salles de conf\u00e9rencesNos salles de conf\u00e9rences peuvent accueillir de petits groupes \u00e0 de grandes r\u00e9unions, offrant une vari\u00e9t\u00e9 de configurations pour r\u00e9pondre \u00e0 vos besoins. Nous sommes [&hellip;]<\/p>\n","protected":false},"author":1,"featured_media":0,"parent":0,"menu_order":40,"comment_status":"closed","ping_status":"closed","template":"","meta":{"_et_pb_use_builder":"on","_et_pb_old_content":"<!-- wp:divi\/placeholder \/-->","_et_gb_content_width":"","footnotes":""},"class_list":["post-44","page","type-page","status-publish","hentry"],"_links":{"self":[{"href":"https:\/\/hotellesberges.ch\/it\/wp-json\/wp\/v2\/pages\/44","targetHints":{"allow":["GET"]}}],"collection":[{"href":"https:\/\/hotellesberges.ch\/it\/wp-json\/wp\/v2\/pages"}],"about":[{"href":"https:\/\/hotellesberges.ch\/it\/wp-json\/wp\/v2\/types\/page"}],"author":[{"embeddable":true,"href":"https:\/\/hotellesberges.ch\/it\/wp-json\/wp\/v2\/users\/1"}],"replies":[{"embeddable":true,"href":"https:\/\/hotellesberges.ch\/it\/wp-json\/wp\/v2\/comments?post=44"}],"version-history":[{"count":11,"href":"https:\/\/hotellesberges.ch\/it\/wp-json\/wp\/v2\/pages\/44\/revisions"}],"predecessor-version":[{"id":374,"href":"https:\/\/hotellesberges.ch\/it\/wp-json\/wp\/v2\/pages\/44\/revisions\/374"}],"wp:attachment":[{"href":"https:\/\/hotellesberges.ch\/it\/wp-json\/wp\/v2\/media?parent=44"}],"curies":[{"name":"wp","href":"https:\/\/api.w.org\/{rel}","templated":true}]}}